{"id":520,"date":"2024-12-05T17:55:11","date_gmt":"2024-12-05T15:55:11","guid":{"rendered":"https:\/\/biomarato.org\/catalunya\/red-colaboradora\/"},"modified":"2025-04-10T15:07:47","modified_gmt":"2025-04-10T13:07:47","slug":"red-colaboradora","status":"publish","type":"page","link":"https:\/\/biomarato.org\/catalunya\/es\/red-colaboradora\/","title":{"rendered":"Red colaboradora"},"content":{"rendered":"<p>[et_pb_section fb_built=\u00bb1&#8243; custom_padding_last_edited=\u00bbon|phone\u00bb _builder_version=\u00bb4.27.4&#8243; _module_preset=\u00bb_initial\u00bb background_color=\u00bb#F5FFFE\u00bb custom_padding=\u00bb6em||0px||false|false\u00bb custom_padding_tablet=\u00bb3em||3em||true|false\u00bb custom_padding_phone=\u00bb2em||2em||true|false\u00bb locked=\u00bboff\u00bb global_colors_info=\u00bb{}\u00bb][et_pb_row column_structure=\u00bb1_2,1_2&#8243; make_equal=\u00bbon\u00bb module_class=\u00bbalign-center  row-to-col-tablet\u00bb _builder_version=\u00bb4.27.4&#8243; _module_preset=\u00bb_initial\u00bb global_colors_info=\u00bb{}\u00bb custom_css_main_element_last_edited=\u00bbon|tablet\u00bb custom_css_main_element_tablet=\u00bbimg {||  width: revert-layer !important||}\u00bb custom_css_main_element_phone=\u00bbimg {||  width: revert-layer !important||}\u00bb][et_pb_column type=\u00bb1_2&#8243; _builder_version=\u00bb4.27.2&#8243; _module_preset=\u00bbdefault\u00bb global_colors_info=\u00bb{}\u00bb][et_pb_text _builder_version=\u00bb4.27.4&#8243; _module_preset=\u00bb_initial\u00bb header_font=\u00bb|800|||||||\u00bb header_text_color=\u00bb#046A83&#8243; header_font_size=\u00bb50px\u00bb header_2_font=\u00bb||||||||\u00bb header_2_text_color=\u00bb#046A83&#8243; header_2_font_size=\u00bb50px\u00bb custom_margin=\u00bb||17px|||\u00bb global_colors_info=\u00bb{}\u00bb]<\/p>\n<h1>Red colaboradora<\/h1>\n<p>[\/et_pb_text][et_pb_text _builder_version=\u00bb4.27.4&#8243; _module_preset=\u00bb_initial\u00bb custom_margin_tablet=\u00bb||32px||false|false\u00bb custom_margin_phone=\u00bb||32px||false|false\u00bb custom_margin_last_edited=\u00bbon|tablet\u00bb global_colors_info=\u00bb{}\u00bb]Las entidades colaboradoras y movilizadoras juegan un papel fundamental en el \u00e9xito de esta iniciativa.[\/et_pb_text][\/et_pb_column][et_pb_column type=\u00bb1_2&#8243; _builder_version=\u00bb4.27.4&#8243; _module_preset=\u00bbdefault\u00bb custom_padding_tablet=\u00bb|16px||16px|false|true\u00bb custom_padding_phone=\u00bb|16px||16px|false|true\u00bb custom_padding_last_edited=\u00bbon|phone\u00bb global_colors_info=\u00bb{}\u00bb][\/et_pb_column][\/et_pb_row][\/et_pb_section][et_pb_section fb_built=\u00bb1&#8243; module_class=\u00bbentitats\u00bb _builder_version=\u00bb4.27.4&#8243; _module_preset=\u00bb_initial\u00bb background_color=\u00bb#F5FFFE\u00bb use_background_color_gradient=\u00bbon\u00bb background_color_gradient_stops=\u00bb#dff6f4 0%|#f5fffe 100%\u00bb custom_margin=\u00bb0em||||false|false\u00bb custom_padding=\u00bb12em||92px||false|false\u00bb top_divider_style=\u00bbwaves\u00bb top_divider_color=\u00bb#F5FFFE\u00bb global_colors_info=\u00bb{}\u00bb][et_pb_row column_structure=\u00bb1_2,1_2&#8243; _builder_version=\u00bb4.27.2&#8243; _module_preset=\u00bb_initial\u00bb global_colors_info=\u00bb{}\u00bb][et_pb_column type=\u00bb1_2&#8243; _builder_version=\u00bb4.27.2&#8243; _module_preset=\u00bbdefault\u00bb global_colors_info=\u00bb{}\u00bb][et_pb_text _builder_version=\u00bb4.27.4&#8243; _module_preset=\u00bb_initial\u00bb header_font=\u00bb||||||||\u00bb header_text_color=\u00bb#046A83&#8243; header_font_size=\u00bb50px\u00bb header_2_font=\u00bb||||||||\u00bb header_2_text_color=\u00bb#046A83&#8243; header_2_font_size=\u00bb46px\u00bb custom_margin=\u00bb||1rem||false|false\u00bb custom_padding=\u00bb||0px||false|false\u00bb header_2_font_size_tablet=\u00bb46px\u00bb header_2_font_size_phone=\u00bb34px\u00bb header_2_font_size_last_edited=\u00bbon|phone\u00bb global_colors_info=\u00bb{}\u00bb]<\/p>\n<h2>Entidades movilizadoras<\/h2>\n<p>[\/et_pb_text][et_pb_text _builder_version=\u00bb4.27.4&#8243; _module_preset=\u00bb_initial\u00bb global_colors_info=\u00bb{}\u00bb]Organizan salidas de esn\u00f3rquel y buceo, as\u00ed como cursos de fotograf\u00eda subacu\u00e1tica y de identificaci\u00f3n de especies marinas.[\/et_pb_text][\/et_pb_column][et_pb_column type=\u00bb1_2&#8243; _builder_version=\u00bb4.27.2&#8243; _module_preset=\u00bbdefault\u00bb global_colors_info=\u00bb{}\u00bb][\/et_pb_column][\/et_pb_row][et_pb_row column_structure=\u00bb1_3,1_3,1_3&#8243; use_custom_gutter=\u00bbon\u00bb gutter_width=\u00bb2&#8243; make_equal=\u00bbon\u00bb _builder_version=\u00bb4.27.4&#8243; _module_preset=\u00bb_initial\u00bb global_colors_info=\u00bb{}\u00bb][et_pb_column type=\u00bb1_3&#8243; _builder_version=\u00bb4.27.2&#8243; _module_preset=\u00bbdefault\u00bb global_colors_info=\u00bb{}\u00bb][dsm_card title=\u00bbFederaci\u00f3 Catalana d&#8217;Activitats Subaqu\u00e0tiques (FECDAS)\u00bb content_horizontal_alignment=\u00bbflex-start\u00bb image=\u00bbhttps:\/\/biomarato.org\/catalunya\/wp-content\/uploads\/sites\/3\/2024\/12\/logo-FECDAS-escut-color-transparent.png\u00bb image_as_background=\u00bboff\u00bb badge_url=\u00bbhttps:\/\/fecdas.cat\/\u00bb badge_url_new_window=\u00bbon\u00bb content_padding=\u00bb26px|36px|26px|36px|true|true\u00bb button_text=\u00bbVisita su web\u00bb button_url=\u00bbhttps:\/\/fecdas.cat\/\u00bb button_url_new_window=\u00bb1&#8243; module_class=\u00bbentitats\u00bb _builder_version=\u00bb4.27.4&#8243; _module_preset=\u00bbdefault\u00bb background_color=\u00bb#FFFFFF\u00bb link_option_url=\u00bbhttps:\/\/fecdas.cat\/\u00bb link_option_url_new_window=\u00bbon\u00bb global_colors_info=\u00bb{}\u00bb]<\/p>\n<p>La <strong>Federaci\u00f3 Catalana d\u2019Activitats Subaqu\u00e0tiques<\/strong> (FECDAS) es una entidad privada de utilidad p\u00fablica, con inter\u00e9s c\u00edvico y social, y sin \u00e1nimo de lucro. Agrupa a asociaciones, clubes, agrupaciones deportivas, deportistas, \u00e1rbitros, comisarios y t\u00e9cnicos con el objetivo de promover las actividades subacu\u00e1ticas y defender los entornos naturales donde se desarrollan, incluyendo el medio ambiente y el patrimonio arqueol\u00f3gico sumergido. <\/p>\n<p>[\/dsm_card][\/et_pb_column][et_pb_column type=\u00bb1_3&#8243; _builder_version=\u00bb4.27.2&#8243; _module_preset=\u00bbdefault\u00bb global_colors_info=\u00bb{}\u00bb][dsm_card title=\u00bbPl\u00e0ncton Diving\u00bb content_horizontal_alignment=\u00bbflex-start\u00bb image=\u00bbhttps:\/\/biomarato.org\/catalunya\/wp-content\/uploads\/sites\/3\/2024\/12\/logo-plancton-color-ok.png\u00bb image_as_background=\u00bboff\u00bb badge_url=\u00bbhttps:\/\/www.planctondiving.cat\/\u00bb badge_url_new_window=\u00bbon\u00bb content_padding=\u00bb36px|36px|36px|36px|true|true\u00bb button_text=\u00bbVisita su web\u00bb button_url=\u00bbhttps:\/\/www.planctondiving.cat\/\u00bb button_url_new_window=\u00bb1&#8243; _builder_version=\u00bb4.27.4&#8243; _module_preset=\u00bbdefault\u00bb background_color=\u00bb#FFFFFF\u00bb link_option_url=\u00bbhttps:\/\/www.planctondiving.cat\/\u00bb link_option_url_new_window=\u00bbon\u00bb global_colors_info=\u00bb{}\u00bb]<\/p>\n<p><strong>Pl\u00e0ncton Diving<\/strong> es un centro de submarinismo y esn\u00f3rquel situado en L&#8217;Ametlla de Mar (Terres de l&#8217;Ebre). Ofrece cursos de submarinismo con gu\u00eda para ofrecer conocimientos sobre biolog\u00eda marina. La empresa tambi\u00e9n ofrece actividades de educaci\u00f3n ambiental y cursos para aprender a identificar especies.  <\/p>\n<p>[\/dsm_card][\/et_pb_column][et_pb_column type=\u00bb1_3&#8243; _builder_version=\u00bb4.27.2&#8243; _module_preset=\u00bbdefault\u00bb global_colors_info=\u00bb{}\u00bb][dsm_card title=\u00bbAsociaci\u00f3n Oce\u00e1nicos\u00bb content_horizontal_alignment=\u00bbflex-start\u00bb image=\u00bbhttps:\/\/biomarato.org\/catalunya\/wp-content\/uploads\/sites\/3\/2024\/12\/LogoRodo.png\u00bb image_as_background=\u00bboff\u00bb badge_url=\u00bbhttps:\/\/oceanicos.net\/\u00bb badge_url_new_window=\u00bbon\u00bb content_padding=\u00bb36px|36px|36px|36px|true|true\u00bb button_text=\u00bbVisita su web\u00bb button_url=\u00bbhttps:\/\/oceanicos.net\/\u00bb button_url_new_window=\u00bb1&#8243; _builder_version=\u00bb4.27.4&#8243; _module_preset=\u00bbdefault\u00bb background_color=\u00bb#FFFFFF\u00bb link_option_url=\u00bbhttps:\/\/oceanicos.net\/\u00bb link_option_url_new_window=\u00bbon\u00bb global_colors_info=\u00bb{}\u00bb]<\/p>\n<p><strong>Oce\u00e1nicos<\/strong> es una asociaci\u00f3n de buceadores profesionales y bi\u00f3logos marinos cuya misi\u00f3n es clara: la protecci\u00f3n de los mares y oc\u00e9anos. A trav\u00e9s de su escuela de buceo, forman a las futuras generaciones de submarinistas, promoviendo un buceo sostenible y respetuoso con el medio marino y sus ecosistemas. Su sede se ubica en Coma-ruga (Tarragona).  <\/p>\n<p>[\/dsm_card][\/et_pb_column][\/et_pb_row][et_pb_row column_structure=\u00bb1_3,1_3,1_3&#8243; use_custom_gutter=\u00bbon\u00bb gutter_width=\u00bb2&#8243; make_equal=\u00bbon\u00bb _builder_version=\u00bb4.27.4&#8243; _module_preset=\u00bb_initial\u00bb global_colors_info=\u00bb{}\u00bb][et_pb_column type=\u00bb1_3&#8243; _builder_version=\u00bb4.27.2&#8243; _module_preset=\u00bbdefault\u00bb global_colors_info=\u00bb{}\u00bb][dsm_card title=\u00bbAn\u00e8l\u00b7lides &#8211; Serveis Ambientals Marins\u00bb content_horizontal_alignment=\u00bbflex-start\u00bb image=\u00bbhttps:\/\/biomarato.org\/catalunya\/wp-content\/uploads\/sites\/3\/2024\/12\/logo-anellides-color-fons-transparent.png\u00bb image_as_background=\u00bboff\u00bb badge_url=\u00bbhttps:\/\/anellides.com\/\u00bb badge_url_new_window=\u00bbon\u00bb content_padding=\u00bb36px|36px|36px|36px|true|true\u00bb button_text=\u00bbVisita su web\u00bb button_url=\u00bbhttps:\/\/anellides.com\/\u00bb button_url_new_window=\u00bb1&#8243; _builder_version=\u00bb4.27.4&#8243; _module_preset=\u00bbdefault\u00bb background_color=\u00bb#FFFFFF\u00bb link_option_url=\u00bbhttps:\/\/anellides.com\/\u00bb link_option_url_new_window=\u00bbon\u00bb global_colors_info=\u00bb{}\u00bb]<\/p>\n<p><strong>An\u00e8l\u00b7lides, Serveis Ambientals Marins<\/strong>, con sede en Barcelona, es una organizaci\u00f3n integrada por ocean\u00f3grafas y bi\u00f3logas marinas cuyo objetivo principal es promover el conocimiento y el amor por el medio marino. Lo consiguen a trav\u00e9s de diversas actividades como la divulgaci\u00f3n, la educaci\u00f3n y la investigaci\u00f3n. <\/p>\n<p>[\/dsm_card][\/et_pb_column][et_pb_column type=\u00bb1_3&#8243; _builder_version=\u00bb4.27.2&#8243; _module_preset=\u00bbdefault\u00bb global_colors_info=\u00bb{}\u00bb][dsm_card title=\u00bbAssociaci\u00f3 Xatrac\u00bb content_horizontal_alignment=\u00bbflex-start\u00bb image=\u00bbhttps:\/\/biomarato.org\/catalunya\/wp-content\/uploads\/sites\/3\/2025\/03\/logo_xatrac_trans.png\u00bb image_as_background=\u00bboff\u00bb badge_url=\u00bbhttps:\/\/www.xatrac.org\/\u00bb badge_url_new_window=\u00bbon\u00bb content_padding=\u00bb36px|36px|36px|36px|true|true\u00bb button_text=\u00bbVisita su web\u00bb button_url=\u00bbhttps:\/\/anellides.com\/\u00bb button_url_new_window=\u00bb1&#8243; _builder_version=\u00bb4.27.4&#8243; _module_preset=\u00bbdefault\u00bb background_color=\u00bb#FFFFFF\u00bb link_option_url=\u00bbhttps:\/\/www.xatrac.org\/\u00bb link_option_url_new_window=\u00bbon\u00bb global_colors_info=\u00bb{}\u00bb]<\/p>\n<p>Asociaci\u00f3n medioambiental que trabaja en el estudio y difusi\u00f3n del medio natural. Ubicada en Lloret de Mar, nace a ra\u00edz del inter\u00e9s de sus fundadores por la naturaleza, convencidos de que la mejor manera de preservar nuestro patrimonio natural es a trav\u00e9s de un buen conocimiento, una buena gesti\u00f3n y una buena difusi\u00f3n. Los miembros de la entidad son profesionales de la biolog\u00eda, el medio ambiente y la pedagog\u00eda.<\/p>\n<p>[\/dsm_card][\/et_pb_column][et_pb_column type=\u00bb1_3&#8243; _builder_version=\u00bb4.27.2&#8243; _module_preset=\u00bbdefault\u00bb global_colors_info=\u00bb{}\u00bb][\/et_pb_column][\/et_pb_row][et_pb_row _builder_version=\u00bb4.27.4&#8243; _module_preset=\u00bbdefault\u00bb hover_enabled=\u00bb0&#8243; global_colors_info=\u00bb{}\u00bb sticky_enabled=\u00bb0&#8243;][et_pb_column type=\u00bb4_4&#8243; _builder_version=\u00bb4.27.4&#8243; _module_preset=\u00bbdefault\u00bb global_colors_info=\u00bb{}\u00bb][et_pb_text _builder_version=\u00bb4.27.4&#8243; _module_preset=\u00bb_initial\u00bb header_font=\u00bb||||||||\u00bb header_text_color=\u00bb#046A83&#8243; header_font_size=\u00bb50px\u00bb header_2_font=\u00bb||||||||\u00bb header_2_text_color=\u00bb#046A83&#8243; header_2_font_size=\u00bb46px\u00bb custom_margin=\u00bb||1rem||false|false\u00bb custom_padding=\u00bb||0px||false|false\u00bb header_2_font_size_tablet=\u00bb46px\u00bb header_2_font_size_phone=\u00bb34px\u00bb header_2_font_size_last_edited=\u00bbon|phone\u00bb global_colors_info=\u00bb{}\u00bb]<\/p>\n<p><strong>Recursos para las entidades movilizadoras<\/strong><\/p>\n<p>[\/et_pb_text][et_pb_text _builder_version=\u00bb4.27.4&#8243; _module_preset=\u00bb_initial\u00bb global_colors_info=\u00bb{}\u00bb]<\/p>\n<ul>\n<li>Condicions de col\u00b7laboraci\u00f3 entre les entitats mobilitzadores i la BioMARat\u00f3 Catalunya<span>\u00a0<\/span><a href=\"https:\/\/biomarato.org\/catalunya\/wp-content\/uploads\/sites\/3\/2025\/03\/Condicions-de-collaboracio-entre-les-entitats-mobilitzadores-i-la-BioMARato-Catalunya-2025_CA.pdf\" target=\"_blank\" rel=\"noopener\">(PDF)<\/a><\/li>\n<li><span>Plantilla pre-activitat: formulari d\u2019inscripci\u00f3 participants (<\/span><a href=\"https:\/\/saco.csic.es\/s\/kEoAszbpYNZyKsm\" target=\"_blank\" rel=\"noopener\">.docx<\/a><span>)<\/span><\/li>\n<li>Plantilla post-activitat (<a href=\"https:\/\/saco.csic.es\/s\/rJRfyfqY8b8CNwz\" target=\"_blank\" rel=\"noopener\">.docx<\/a>)<\/li>\n<li>Cartell general vertical:<span>\u00a0<\/span><a href=\"https:\/\/biomarato.org\/catalunya\/wp-content\/uploads\/sites\/3\/2025\/04\/Cartell-general-A3-biomarato-2025.jpg\">JPG<\/a><span>\u00a0<\/span>\/<span>\u00a0<\/span><a href=\"https:\/\/biomarato.org\/catalunya\/wp-content\/uploads\/sites\/3\/2025\/04\/Cartell-general-A3-biomarato-2025.pdf\">PDF online<\/a><span>\u00a0<\/span>\/<span>\u00a0<\/span><a href=\"https:\/\/biomarato.org\/catalunya\/wp-content\/uploads\/sites\/3\/2025\/04\/Cartell-general-A3-biomarato-2025_print.pdf\">PDF print<\/a><\/li>\n<li>B\u00e0nner:<span>\u00a0<\/span><a href=\"https:\/\/biomarato.org\/catalunya\/wp-content\/uploads\/sites\/3\/2025\/03\/BannerBioMARato_2025.png\" target=\"_blank\" rel=\"noopener\">HD<\/a><span>\u00a0<\/span>\/<span>\u00a0<\/span><a href=\"https:\/\/biomarato.org\/catalunya\/wp-content\/uploads\/sites\/3\/2025\/03\/Banner-BioMARato-2025-low.png\" target=\"_blank\" rel=\"noopener\">Low<\/a>\u00a0\/<span>\u00a0<\/span><a href=\"https:\/\/biomarato.org\/catalunya\/wp-content\/uploads\/sites\/3\/2025\/03\/Banner_BioMARato_2025_PDF_online.pdf\" target=\"_blank\" rel=\"noopener\">PDF online<\/a><span>\u00a0<\/span>\/<span>\u00a0<\/span><a href=\"https:\/\/biomarato.org\/catalunya\/wp-content\/uploads\/sites\/3\/2025\/03\/Banner_BioMARato_2025_PDF_print.pdf\" target=\"_blank\" rel=\"noopener\">PDF print<\/a><\/li>\n<li>Instagram:<span>\u00a0<\/span><a href=\"https:\/\/biomarato.org\/catalunya\/wp-content\/uploads\/sites\/3\/2025\/04\/Story-biomarato-2025.png\">Story<\/a><span>\u00a0<\/span>\/<span>\u00a0<\/span><a href=\"https:\/\/biomarato.org\/catalunya\/wp-content\/uploads\/sites\/3\/2025\/04\/post-instagram.png\">Post 5:4<\/a>\u00a0<\/li>\n<li><a href=\"https:\/\/biomarato.org\/contacte\/\">Logos MINKA i BioMARat\u00f3<\/a><\/li>\n<\/ul>\n<p>[\/et_pb_text][\/et_pb_column][\/et_pb_row][et_pb_row column_structure=\u00bb1_2,1_2&#8243; _builder_version=\u00bb4.27.2&#8243; _module_preset=\u00bb_initial\u00bb global_colors_info=\u00bb{}\u00bb][et_pb_column type=\u00bb1_2&#8243; _builder_version=\u00bb4.27.2&#8243; _module_preset=\u00bbdefault\u00bb global_colors_info=\u00bb{}\u00bb][et_pb_text _builder_version=\u00bb4.27.4&#8243; _module_preset=\u00bb_initial\u00bb header_font=\u00bb||||||||\u00bb header_text_color=\u00bb#046A83&#8243; header_font_size=\u00bb50px\u00bb header_2_font=\u00bb||||||||\u00bb header_2_text_color=\u00bb#046A83&#8243; header_2_font_size=\u00bb46px\u00bb custom_margin=\u00bb||1rem||false|false\u00bb custom_padding=\u00bb||0px||false|false\u00bb header_2_font_size_tablet=\u00bb46px\u00bb header_2_font_size_phone=\u00bb34px\u00bb header_2_font_size_last_edited=\u00bbon|phone\u00bb global_colors_info=\u00bb{}\u00bb]<\/p>\n<h2>Clubs y centros de buceo colaboradores<\/h2>\n<p>[\/et_pb_text][et_pb_text _builder_version=\u00bb4.27.4&#8243; _module_preset=\u00bb_initial\u00bb global_colors_info=\u00bb{}\u00bb custom_padding=\u00bb||0px|||\u00bb]<\/p>\n<p><span>nClubs y centros de buceo que colaboran con la FECDAS a trav\u00e9s del proyecto europo ANERIS para censar la biodiversidad marina. Estas salidas, a su vez, contribuyen a la BioMARat\u00f3.\u00a0<\/span><\/p>\n<p>[\/et_pb_text][et_pb_image src=\u00bbhttps:\/\/biomarato.org\/catalunya\/wp-content\/uploads\/sites\/3\/2025\/04\/Captura-de-pantalla-2025-04-04-a-les-14.07.01.png\u00bb _builder_version=\u00bb4.27.4&#8243; _module_preset=\u00bbdefault\u00bb hover_enabled=\u00bb0&#8243; sticky_enabled=\u00bb0&#8243;][\/et_pb_image][\/et_pb_column][et_pb_column type=\u00bb1_2&#8243; _builder_version=\u00bb4.27.2&#8243; _module_preset=\u00bbdefault\u00bb global_colors_info=\u00bb{}\u00bb][\/et_pb_column][\/et_pb_row][et_pb_row column_structure=\u00bb1_2,1_2&#8243; make_equal=\u00bbon\u00bb _builder_version=\u00bb4.27.4&#8243; _module_preset=\u00bb_initial\u00bb custom_padding=\u00bb6em||6em||false|false\u00bb global_colors_info=\u00bb{}\u00bb][et_pb_column type=\u00bb1_2&#8243; module_class=\u00bbflex space-between\u00bb _builder_version=\u00bb4.27.4&#8243; _module_preset=\u00bbdefault\u00bb custom_css_main_element=\u00bbflex-wrap:wrap;\u00bb global_colors_info=\u00bb{}\u00bb][et_pb_text _builder_version=\u00bb4.27.4&#8243; _module_preset=\u00bb_initial\u00bb header_font=\u00bb|800|||||||\u00bb header_text_color=\u00bb#046A83&#8243; header_font_size=\u00bb50px\u00bb header_2_font=\u00bb||||||||\u00bb header_2_text_color=\u00bb#046A83&#8243; header_2_font_size=\u00bb46px\u00bb custom_margin=\u00bb||0rem||false|false\u00bb custom_padding=\u00bb||0px||false|false\u00bb header_2_font_size_tablet=\u00bb46px\u00bb header_2_font_size_phone=\u00bb34px\u00bb header_2_font_size_last_edited=\u00bbon|phone\u00bb custom_css_main_element=\u00bbflex: 0 0 100%;\u00bb global_colors_info=\u00bb{}\u00bb]<\/p>\n<h2>Patrocinadores<\/h2>\n<p>[\/et_pb_text][et_pb_image src=\u00bbhttps:\/\/biomarato.org\/catalunya\/wp-content\/uploads\/sites\/3\/2025\/04\/CRESSI_logo_png.png\u00bb title_text=\u00bbCRESSI_logo_png\u00bb url=\u00bbhttps:\/\/www.cressi.es\/\u00bb url_new_window=\u00bbon\u00bb _builder_version=\u00bb4.27.4&#8243; _module_preset=\u00bbdefault\u00bb width=\u00bb80%\u00bb max_height=\u00bb172px\u00bb custom_margin=\u00bb0px|0px|0px|0px|false|false\u00bb custom_padding=\u00bb0px|0px|0px|0px|false|false\u00bb global_colors_info=\u00bb{}\u00bb][\/et_pb_image][et_pb_image src=\u00bbhttps:\/\/biomarato.org\/catalunya\/wp-content\/uploads\/sites\/3\/2024\/12\/Copia-de-1.1.cesga_.png\u00bb title_text=\u00bbCo\u0300pia de 1.1.cesga\u00bb url=\u00bbhttps:\/\/www.cesga.es\/\u00bb url_new_window=\u00bbon\u00bb _builder_version=\u00bb4.27.4&#8243; _module_preset=\u00bbdefault\u00bb width=\u00bb50%\u00bb max_height=\u00bb107px\u00bb custom_margin=\u00bb0px|0px|0px|0px|false|false\u00bb custom_padding=\u00bb0px|0px|0px|0px|false|false\u00bb global_colors_info=\u00bb{}\u00bb][\/et_pb_image][\/et_pb_column][et_pb_column type=\u00bb1_2&#8243; module_class=\u00bbflex space-between align-center\u00bb _builder_version=\u00bb4.27.4&#8243; _module_preset=\u00bbdefault\u00bb custom_css_main_element=\u00bbflex-wrap:wrap;\u00bb global_colors_info=\u00bb{}\u00bb][et_pb_text _builder_version=\u00bb4.27.4&#8243; _module_preset=\u00bb_initial\u00bb header_font=\u00bb|800|||||||\u00bb header_text_color=\u00bb#046A83&#8243; header_font_size=\u00bb50px\u00bb header_2_font=\u00bb||||||||\u00bb header_2_text_color=\u00bb#046A83&#8243; header_2_font_size=\u00bb46px\u00bb custom_margin=\u00bb||1rem||false|false\u00bb custom_padding=\u00bb||0px||false|false\u00bb header_2_font_size_tablet=\u00bb46px\u00bb header_2_font_size_phone=\u00bb34px\u00bb header_2_font_size_last_edited=\u00bbon|phone\u00bb custom_css_main_element=\u00bbflex: 0 0 100%;\u00bb global_colors_info=\u00bb{}\u00bb]<\/p>\n<h2>Proyectos hermanados<\/h2>\n<p>[\/et_pb_text][et_pb_image src=\u00bbhttps:\/\/biomarato.org\/catalunya\/wp-content\/uploads\/sites\/3\/2024\/12\/Logo_BioplatgesMet.png\u00bb title_text=\u00bbLogo_BioplatgesMet\u00bb url=\u00bbhttps:\/\/bioplatgesmet.institutmetropoli.cat\/\u00bb url_new_window=\u00bbon\u00bb _builder_version=\u00bb4.27.4&#8243; _module_preset=\u00bbdefault\u00bb max_height=\u00bb100px\u00bb custom_margin=\u00bb0px|0px|0px|0px|false|false\u00bb custom_padding=\u00bb0px|0px|0px|0px|false|false\u00bb global_colors_info=\u00bb{}\u00bb][\/et_pb_image][et_pb_image src=\u00bbhttps:\/\/biomarato.org\/catalunya\/wp-content\/uploads\/sites\/3\/2024\/12\/LOGO-OFICIAL_biodiverciutat_marca_rgbpositiu.png\u00bb title_text=\u00bbLOGO OFICIAL_biodiverciutat_marca_rgbpositiu\u00bb url=\u00bbhttps:\/\/biodiverciutat.cat\/\u00bb url_new_window=\u00bbon\u00bb _builder_version=\u00bb4.27.4&#8243; _module_preset=\u00bbdefault\u00bb max_height=\u00bb120px\u00bb custom_margin=\u00bb0px|2em|0px|2em|false|true\u00bb custom_padding=\u00bb0px|0px|0px|0px|false|false\u00bb global_colors_info=\u00bb{}\u00bb][\/et_pb_image][et_pb_image src=\u00bbhttps:\/\/biomarato.org\/catalunya\/wp-content\/uploads\/sites\/3\/2024\/12\/PROBLEU_LOGO_PRIMARY-LOGO-COLOR-01.png\u00bb title_text=\u00bbPROBLEU_LOGO_PRIMARY LOGO COLOR 01&#8243; url=\u00bbhttps:\/\/probleu.school\/\u00bb url_new_window=\u00bbon\u00bb _builder_version=\u00bb4.27.4&#8243; _module_preset=\u00bbdefault\u00bb max_height=\u00bb70px\u00bb custom_margin=\u00bb0px|auto|0px|0px|false|false\u00bb custom_padding=\u00bb0px||0px||false|false\u00bb global_colors_info=\u00bb{}\u00bb][\/et_pb_image][\/et_pb_column][\/et_pb_row][\/et_pb_section]<\/p>\n","protected":false},"excerpt":{"rendered":"<p>Red colaboradoraLas entidades colaboradoras y movilizadoras juegan un papel fundamental en el \u00e9xito de esta iniciativa.Entidades movilizadorasOrganizan salidas de esn\u00f3rquel y buceo, as\u00ed como cursos de fotograf\u00eda subacu\u00e1tica y de identificaci\u00f3n de especies marinas.<div class=\"et_pb_module dsm_card dsm_card_0 entitats et_clickable et_pb_bg_layout_light  dsm_card_layout_stacked\">\n\t\t\t\t\n\t\t\t\t\n\t\t\t\t\n\t\t\t\t\n\t\t\t\t\n\t\t\t\t\n\t\t\t\t<div class=\"et_pb_module_inner\">\n\t\t\t\t\t\n\t\t\t\n\t\t\t<figure class=\"dsm_card_image_wrapper dsm_card_badge_top_right\"><img decoding=\"async\" src=\"https:\/\/biomarato.org\/catalunya\/wp-content\/uploads\/sites\/3\/2024\/12\/logo-FECDAS-escut-color-transparent.png\" alt=\"\" srcset=\"https:\/\/biomarato.org\/catalunya\/wp-content\/uploads\/sites\/3\/2024\/12\/logo-FECDAS-escut-color-transparent.png 1116w, https:\/\/biomarato.org\/catalunya\/wp-content\/uploads\/sites\/3\/2024\/12\/logo-FECDAS-escut-color-transparent-980x924.png 980w, https:\/\/biomarato.org\/catalunya\/wp-content\/uploads\/sites\/3\/2024\/12\/logo-FECDAS-escut-color-transparent-480x452.png 480w\" sizes=\"(min-width: 0px) and (max-width: 480px) 480px, (min-width: 481px) and (max-width: 980px) 980px, (min-width: 981px) 1116px, 100vw\" class=\"dsm_card_img dsm_card_image_stretch\" \/><\/figure>\n\t\t\t<div class=\"et_pb_module dsm_card_wrapper et_pb_text_align_left\">\n\t\t\t\t\t\n\t\t\t\t\t<h3 class=\"dsm_card_title et_pb_module_header\">Federaci\u00f3 Catalana d'Activitats Subaqu\u00e0tiques (FECDAS)<\/h3>\n\t\t\t\t\t\n\t\t\t\t\t<div class=\"dsm_card_description\">La Federaci\u00f3 Catalana d\u2019Activitats Subaqu\u00e0tiques (FECDAS) es una entidad privada de utilidad p\u00fablica, con inter\u00e9s c\u00edvico y social, y sin \u00e1nimo de lucro. Agrupa a asociaciones, clubes, agrupaciones deportivas, deportistas, \u00e1rbitros, comisarios y t\u00e9cnicos con el objetivo de promover las actividades subacu\u00e1ticas y defender los entornos naturales donde se desarrollan, incluyendo el medio ambiente y el patrimonio arqueol\u00f3gico sumergido. <\/div>\n\t\t\t\t\t<div class=\"et_pb_button_wrapper\"><a class=\"et_pb_button et_pb_more_button \" href=\"https:\/\/fecdas.cat\/\">Visita su web<\/a><\/div>\n\t\t\t\t<\/div>\n\t\t\t\n\t\t\t\t<\/div>\n\t\t\t<\/div><div class=\"et_pb_module dsm_card dsm_card_1 et_clickable et_pb_bg_layout_light  dsm_card_layout_stacked\">\n\t\t\t\t\n\t\t\t\t\n\t\t\t\t\n\t\t\t\t\n\t\t\t\t\n\t\t\t\t\n\t\t\t\t<div class=\"et_pb_module_inner\">\n\t\t\t\t\t\n\t\t\t\n\t\t\t<figure class=\"dsm_card_image_wrapper dsm_card_badge_top_right\"><img decoding=\"async\" src=\"https:\/\/biomarato.org\/catalunya\/wp-content\/uploads\/sites\/3\/2024\/12\/logo-plancton-color-ok.png\" alt=\"\" srcset=\"https:\/\/biomarato.org\/catalunya\/wp-content\/uploads\/sites\/3\/2024\/12\/logo-plancton-color-ok.png 700w, https:\/\/biomarato.org\/catalunya\/wp-content\/uploads\/sites\/3\/2024\/12\/logo-plancton-color-ok-480x260.png 480w\" sizes=\"(min-width: 0px) and (max-width: 480px) 480px, (min-width: 481px) 700px, 100vw\" class=\"dsm_card_img dsm_card_image_stretch\" \/><\/figure>\n\t\t\t<div class=\"et_pb_module dsm_card_wrapper et_pb_text_align_left\">\n\t\t\t\t\t\n\t\t\t\t\t<h3 class=\"dsm_card_title et_pb_module_header\">Pl\u00e0ncton Diving<\/h3>\n\t\t\t\t\t\n\t\t\t\t\t<div class=\"dsm_card_description\">Pl\u00e0ncton Diving es un centro de submarinismo y esn\u00f3rquel situado en L&#8217;Ametlla de Mar (Terres de l&#8217;Ebre). Ofrece cursos de submarinismo con gu\u00eda para ofrecer conocimientos sobre biolog\u00eda marina. La empresa tambi\u00e9n ofrece actividades de educaci\u00f3n ambiental y cursos para aprender a identificar especies. <\/div>\n\t\t\t\t\t<div class=\"et_pb_button_wrapper\"><a class=\"et_pb_button et_pb_more_button \" href=\"https:\/\/www.planctondiving.cat\/\">Visita su web<\/a><\/div>\n\t\t\t\t<\/div>\n\t\t\t\n\t\t\t\t<\/div>\n\t\t\t<\/div><div class=\"et_pb_module dsm_card dsm_card_2 et_clickable et_pb_bg_layout_light  dsm_card_layout_stacked\">\n\t\t\t\t\n\t\t\t\t\n\t\t\t\t\n\t\t\t\t\n\t\t\t\t\n\t\t\t\t\n\t\t\t\t<div class=\"et_pb_module_inner\">\n\t\t\t\t\t\n\t\t\t\n\t\t\t<figure class=\"dsm_card_image_wrapper dsm_card_badge_top_right\"><img decoding=\"async\" src=\"https:\/\/biomarato.org\/catalunya\/wp-content\/uploads\/sites\/3\/2024\/12\/LogoRodo.png\" alt=\"\" srcset=\"https:\/\/biomarato.org\/catalunya\/wp-content\/uploads\/sites\/3\/2024\/12\/LogoRodo.png 400w, https:\/\/biomarato.org\/catalunya\/wp-content\/uploads\/sites\/3\/2024\/12\/LogoRodo-300x300.png 300w, https:\/\/biomarato.org\/catalunya\/wp-content\/uploads\/sites\/3\/2024\/12\/LogoRodo-150x150.png 150w\" sizes=\"(max-width: 400px) 100vw, 400px\" class=\"dsm_card_img dsm_card_image_stretch\" \/><\/figure>\n\t\t\t<div class=\"et_pb_module dsm_card_wrapper et_pb_text_align_left\">\n\t\t\t\t\t\n\t\t\t\t\t<h3 class=\"dsm_card_title et_pb_module_header\">Asociaci\u00f3n Oce\u00e1nicos<\/h3>\n\t\t\t\t\t\n\t\t\t\t\t\n\t\t\t\t\t<div class=\"et_pb_button_wrapper\"><a class=\"et_pb_button et_pb_more_button \" href=\"https:\/\/oceanicos.net\/\">Visita su web<\/a><\/div>\n\t\t\t\t<\/div>\n\t\t\t\n\t\t\t\t<\/div>\n\t\t\t<\/div>Oce\u00e1nicos es una [&hellip;]<\/p>\n","protected":false},"author":1,"featured_media":0,"parent":0,"menu_order":0,"comment_status":"closed","ping_status":"closed","template":"","meta":{"_acf_changed":false,"_et_pb_use_builder":"on","_et_pb_old_content":"","_et_gb_content_width":"","footnotes":""},"class_list":["post-520","page","type-page","status-publish","hentry"],"acf":[],"yoast_head":"<!-- This site is optimized with the Yoast SEO plugin v27.5 - https:\/\/yoast.com\/product\/yoast-seo-wordpress\/ -->\n<title>Red colaboradora - Catalunya<\/title>\n<meta name=\"robots\" content=\"index, follow, max-snippet:-1, max-image-preview:large, max-video-preview:-1\" \/>\n<link rel=\"canonical\" href=\"https:\/\/biomarato.org\/catalunya\/es\/red-colaboradora\/\" \/>\n<meta property=\"og:locale\" content=\"es_ES\" \/>\n<meta property=\"og:type\" content=\"article\" \/>\n<meta property=\"og:title\" content=\"Red colaboradora - Catalunya\" \/>\n<meta property=\"og:description\" content=\"Red colaboradoraLas entidades colaboradoras y movilizadoras juegan un papel fundamental en el \u00e9xito de esta iniciativa.Entidades movilizadorasOrganizan salidas de esn\u00f3rquel y buceo, as\u00ed como cursos de fotograf\u00eda subacu\u00e1tica y de identificaci\u00f3n de especies marinas.Oce\u00e1nicos es una [&hellip;]\" \/>\n<meta property=\"og:url\" content=\"https:\/\/biomarato.org\/catalunya\/es\/red-colaboradora\/\" \/>\n<meta property=\"og:site_name\" content=\"Catalunya\" \/>\n<meta property=\"article:modified_time\" content=\"2025-04-10T13:07:47+00:00\" \/>\n<meta name=\"twitter:card\" content=\"summary_large_image\" \/>\n<meta name=\"twitter:label1\" content=\"Tiempo de lectura\" \/>\n\t<meta name=\"twitter:data1\" content=\"11 minutos\" \/>\n<script type=\"application\/ld+json\" class=\"yoast-schema-graph\">{\"@context\":\"https:\\\/\\\/schema.org\",\"@graph\":[{\"@type\":\"WebPage\",\"@id\":\"https:\\\/\\\/biomarato.org\\\/catalunya\\\/es\\\/red-colaboradora\\\/\",\"url\":\"https:\\\/\\\/biomarato.org\\\/catalunya\\\/es\\\/red-colaboradora\\\/\",\"name\":\"Red colaboradora - Catalunya\",\"isPartOf\":{\"@id\":\"https:\\\/\\\/biomarato.org\\\/catalunya\\\/es\\\/#website\"},\"datePublished\":\"2024-12-05T15:55:11+00:00\",\"dateModified\":\"2025-04-10T13:07:47+00:00\",\"breadcrumb\":{\"@id\":\"https:\\\/\\\/biomarato.org\\\/catalunya\\\/es\\\/red-colaboradora\\\/#breadcrumb\"},\"inLanguage\":\"es\",\"potentialAction\":[{\"@type\":\"ReadAction\",\"target\":[\"https:\\\/\\\/biomarato.org\\\/catalunya\\\/es\\\/red-colaboradora\\\/\"]}]},{\"@type\":\"BreadcrumbList\",\"@id\":\"https:\\\/\\\/biomarato.org\\\/catalunya\\\/es\\\/red-colaboradora\\\/#breadcrumb\",\"itemListElement\":[{\"@type\":\"ListItem\",\"position\":1,\"name\":\"Inici\",\"item\":\"https:\\\/\\\/biomarato.org\\\/catalunya\\\/es\\\/home\\\/\"},{\"@type\":\"ListItem\",\"position\":2,\"name\":\"Red colaboradora\"}]},{\"@type\":\"WebSite\",\"@id\":\"https:\\\/\\\/biomarato.org\\\/catalunya\\\/es\\\/#website\",\"url\":\"https:\\\/\\\/biomarato.org\\\/catalunya\\\/es\\\/\",\"name\":\"Catalunya\",\"description\":\"Una iniciativa per descobrir la biodiversitat marina amb la ci\u00e8ncia ciutadana\",\"potentialAction\":[{\"@type\":\"SearchAction\",\"target\":{\"@type\":\"EntryPoint\",\"urlTemplate\":\"https:\\\/\\\/biomarato.org\\\/catalunya\\\/es\\\/?s={search_term_string}\"},\"query-input\":{\"@type\":\"PropertyValueSpecification\",\"valueRequired\":true,\"valueName\":\"search_term_string\"}}],\"inLanguage\":\"es\"}]}<\/script>\n<!-- \/ Yoast SEO plugin. -->","yoast_head_json":{"title":"Red colaboradora - Catalunya","robots":{"index":"index","follow":"follow","max-snippet":"max-snippet:-1","max-image-preview":"max-image-preview:large","max-video-preview":"max-video-preview:-1"},"canonical":"https:\/\/biomarato.org\/catalunya\/es\/red-colaboradora\/","og_locale":"es_ES","og_type":"article","og_title":"Red colaboradora - Catalunya","og_description":"Red colaboradoraLas entidades colaboradoras y movilizadoras juegan un papel fundamental en el \u00e9xito de esta iniciativa.Entidades movilizadorasOrganizan salidas de esn\u00f3rquel y buceo, as\u00ed como cursos de fotograf\u00eda subacu\u00e1tica y de identificaci\u00f3n de especies marinas.Oce\u00e1nicos es una [&hellip;]","og_url":"https:\/\/biomarato.org\/catalunya\/es\/red-colaboradora\/","og_site_name":"Catalunya","article_modified_time":"2025-04-10T13:07:47+00:00","twitter_card":"summary_large_image","twitter_misc":{"Tiempo de lectura":"11 minutos"},"schema":{"@context":"https:\/\/schema.org","@graph":[{"@type":"WebPage","@id":"https:\/\/biomarato.org\/catalunya\/es\/red-colaboradora\/","url":"https:\/\/biomarato.org\/catalunya\/es\/red-colaboradora\/","name":"Red colaboradora - Catalunya","isPartOf":{"@id":"https:\/\/biomarato.org\/catalunya\/es\/#website"},"datePublished":"2024-12-05T15:55:11+00:00","dateModified":"2025-04-10T13:07:47+00:00","breadcrumb":{"@id":"https:\/\/biomarato.org\/catalunya\/es\/red-colaboradora\/#breadcrumb"},"inLanguage":"es","potentialAction":[{"@type":"ReadAction","target":["https:\/\/biomarato.org\/catalunya\/es\/red-colaboradora\/"]}]},{"@type":"BreadcrumbList","@id":"https:\/\/biomarato.org\/catalunya\/es\/red-colaboradora\/#breadcrumb","itemListElement":[{"@type":"ListItem","position":1,"name":"Inici","item":"https:\/\/biomarato.org\/catalunya\/es\/home\/"},{"@type":"ListItem","position":2,"name":"Red colaboradora"}]},{"@type":"WebSite","@id":"https:\/\/biomarato.org\/catalunya\/es\/#website","url":"https:\/\/biomarato.org\/catalunya\/es\/","name":"Catalunya","description":"Una iniciativa per descobrir la biodiversitat marina amb la ci\u00e8ncia ciutadana","potentialAction":[{"@type":"SearchAction","target":{"@type":"EntryPoint","urlTemplate":"https:\/\/biomarato.org\/catalunya\/es\/?s={search_term_string}"},"query-input":{"@type":"PropertyValueSpecification","valueRequired":true,"valueName":"search_term_string"}}],"inLanguage":"es"}]}},"_links":{"self":[{"href":"https:\/\/biomarato.org\/catalunya\/es\/wp-json\/wp\/v2\/pages\/520","targetHints":{"allow":["GET"]}}],"collection":[{"href":"https:\/\/biomarato.org\/catalunya\/es\/wp-json\/wp\/v2\/pages"}],"about":[{"href":"https:\/\/biomarato.org\/catalunya\/es\/wp-json\/wp\/v2\/types\/page"}],"author":[{"embeddable":true,"href":"https:\/\/biomarato.org\/catalunya\/es\/wp-json\/wp\/v2\/users\/1"}],"replies":[{"embeddable":true,"href":"https:\/\/biomarato.org\/catalunya\/es\/wp-json\/wp\/v2\/comments?post=520"}],"version-history":[{"count":10,"href":"https:\/\/biomarato.org\/catalunya\/es\/wp-json\/wp\/v2\/pages\/520\/revisions"}],"predecessor-version":[{"id":993,"href":"https:\/\/biomarato.org\/catalunya\/es\/wp-json\/wp\/v2\/pages\/520\/revisions\/993"}],"wp:attachment":[{"href":"https:\/\/biomarato.org\/catalunya\/es\/wp-json\/wp\/v2\/media?parent=520"}],"curies":[{"name":"wp","href":"https:\/\/api.w.org\/{rel}","templated":true}]}}