{"id":783,"date":"2025-03-27T17:55:30","date_gmt":"2025-03-27T15:55:30","guid":{"rendered":"https:\/\/biomarato.org\/catalunya\/?post_type=tribe_events&#038;p=783"},"modified":"2025-04-04T10:08:14","modified_gmt":"2025-04-04T08:08:14","slug":"esnorquel-a-sitges-2","status":"publish","type":"tribe_events","link":"https:\/\/biomarato.org\/catalunya\/event\/esnorquel-a-sitges-2\/","title":{"rendered":"Esn\u00f2rquel a Sitges"},"content":{"rendered":"<p><strong>Activitat d\u2019esn\u00f2rquel per identificar i fotografiar la biodiversitat marina de les platges de Sitges.<\/strong><\/p>\n<p><strong>Programa:<\/strong><br \/>\n9:00 h \u2013 Trobada al CEM, presentaci\u00f3 i repartiment de material.<br \/>\n9:15 h \u2013 11:15 h \u2013 Sortida d\u2019esn\u00f2rquel a les platges de Terramar i les Anquines.<br \/>\n11:15 h \u2013 12:00 h \u2013 Presentaci\u00f3 de MINKA i posada en com\u00fa de les observacions.<\/p>\n<p>Les esp\u00e8cies fotografiades es compartiran a la plataforma MINKA per contribuir al coneixement de la biodiversitat local. Per a tots els p\u00fablics a partir de 12 anys. Material d\u2019esn\u00f2rquel i c\u00e0meres disponibles (opci\u00f3 de portar el propi).<\/p>\n<p>Inscripcions obertes a partir del 29 d\u2019abril a\u00a0<a href=\"mailto:cem@diba.cat\">cem@diba.cat<\/a><\/p>\n","protected":false},"excerpt":{"rendered":"<p>Activitat d\u2019esn\u00f2rquel per identificar i fotografiar la biodiversitat marina de les platges de Sitges. Programa: 9:00 h \u2013 Trobada al CEM, presentaci\u00f3 i repartiment de material. 9:15 h \u2013 11:15 [&hellip;]<\/p>\n","protected":false},"author":3,"featured_media":772,"template":"","meta":{"_acf_changed":false,"_et_pb_use_builder":"","_et_pb_old_content":"","_et_gb_content_width":"","_tribe_events_status":"","_tribe_events_status_reason":"","footnotes":""},"tags":[],"tribe_events_cat":[22],"class_list":["post-783","tribe_events","type-tribe_events","status-publish","has-post-thumbnail","hentry","tribe_events_cat-barcelona","cat_barcelona"],"acf":[],"yoast_head":"<!-- This site is optimized with the Yoast SEO plugin v27.5 - https:\/\/yoast.com\/product\/yoast-seo-wordpress\/ -->\n<title>Esn\u00f2rquel a Sitges - La BioMARat\u00f3 a Catalunya<\/title>\n<meta name=\"robots\" content=\"index, follow, max-snippet:-1, max-image-preview:large, max-video-preview:-1\" \/>\n<link rel=\"canonical\" href=\"https:\/\/biomarato.org\/catalunya\/event\/esnorquel-a-sitges-2\/\" \/>\n<meta property=\"og:locale\" content=\"ca_ES\" \/>\n<meta property=\"og:type\" content=\"article\" \/>\n<meta property=\"og:title\" content=\"Esn\u00f2rquel a Sitges - La BioMARat\u00f3 a Catalunya\" \/>\n<meta property=\"og:description\" content=\"Activitat d\u2019esn\u00f2rquel per identificar i fotografiar la biodiversitat marina de les platges de Sitges. Programa: 9:00 h \u2013 Trobada al CEM, presentaci\u00f3 i repartiment de material. 9:15 h \u2013 11:15 [&hellip;]\" \/>\n<meta property=\"og:url\" content=\"https:\/\/biomarato.org\/catalunya\/event\/esnorquel-a-sitges-2\/\" \/>\n<meta property=\"og:site_name\" content=\"La BioMARat\u00f3 a Catalunya\" \/>\n<meta property=\"article:modified_time\" content=\"2025-04-04T08:08:14+00:00\" \/>\n<meta property=\"og:image\" content=\"https:\/\/biomarato.org\/catalunya\/wp-content\/uploads\/sites\/3\/2025\/03\/foto-agenda-CEM-Anellides.png\" \/>\n\t<meta property=\"og:image:width\" content=\"552\" \/>\n\t<meta property=\"og:image:height\" content=\"414\" \/>\n\t<meta property=\"og:image:type\" content=\"image\/png\" \/>\n<meta name=\"twitter:card\" content=\"summary_large_image\" \/>\n<meta name=\"twitter:label1\" content=\"Temps estimat de lectura\" \/>\n\t<meta name=\"twitter:data1\" content=\"1 minut\" \/>\n<script type=\"application\/ld+json\" class=\"yoast-schema-graph\">{\"@context\":\"https:\\\/\\\/schema.org\",\"@graph\":[{\"@type\":\"WebPage\",\"@id\":\"https:\\\/\\\/biomarato.org\\\/catalunya\\\/event\\\/esnorquel-a-sitges-2\\\/\",\"url\":\"https:\\\/\\\/biomarato.org\\\/catalunya\\\/event\\\/esnorquel-a-sitges-2\\\/\",\"name\":\"Esn\u00f2rquel a Sitges - La BioMARat\u00f3 a Catalunya\",\"isPartOf\":{\"@id\":\"https:\\\/\\\/biomarato.org\\\/catalunya\\\/#website\"},\"primaryImageOfPage\":{\"@id\":\"https:\\\/\\\/biomarato.org\\\/catalunya\\\/event\\\/esnorquel-a-sitges-2\\\/#primaryimage\"},\"image\":{\"@id\":\"https:\\\/\\\/biomarato.org\\\/catalunya\\\/event\\\/esnorquel-a-sitges-2\\\/#primaryimage\"},\"thumbnailUrl\":\"https:\\\/\\\/biomarato.org\\\/catalunya\\\/wp-content\\\/uploads\\\/sites\\\/3\\\/2025\\\/03\\\/foto-agenda-CEM-Anellides.png\",\"datePublished\":\"2025-03-27T15:55:30+00:00\",\"dateModified\":\"2025-04-04T08:08:14+00:00\",\"breadcrumb\":{\"@id\":\"https:\\\/\\\/biomarato.org\\\/catalunya\\\/event\\\/esnorquel-a-sitges-2\\\/#breadcrumb\"},\"inLanguage\":\"ca\",\"potentialAction\":[{\"@type\":\"ReadAction\",\"target\":[\"https:\\\/\\\/biomarato.org\\\/catalunya\\\/event\\\/esnorquel-a-sitges-2\\\/\"]}]},{\"@type\":\"ImageObject\",\"inLanguage\":\"ca\",\"@id\":\"https:\\\/\\\/biomarato.org\\\/catalunya\\\/event\\\/esnorquel-a-sitges-2\\\/#primaryimage\",\"url\":\"https:\\\/\\\/biomarato.org\\\/catalunya\\\/wp-content\\\/uploads\\\/sites\\\/3\\\/2025\\\/03\\\/foto-agenda-CEM-Anellides.png\",\"contentUrl\":\"https:\\\/\\\/biomarato.org\\\/catalunya\\\/wp-content\\\/uploads\\\/sites\\\/3\\\/2025\\\/03\\\/foto-agenda-CEM-Anellides.png\",\"width\":552,\"height\":414},{\"@type\":\"BreadcrumbList\",\"@id\":\"https:\\\/\\\/biomarato.org\\\/catalunya\\\/event\\\/esnorquel-a-sitges-2\\\/#breadcrumb\",\"itemListElement\":[{\"@type\":\"ListItem\",\"position\":1,\"name\":\"Inici\",\"item\":\"https:\\\/\\\/biomarato.org\\\/catalunya\\\/\"},{\"@type\":\"ListItem\",\"position\":2,\"name\":\"Esdeveniments\",\"item\":\"https:\\\/\\\/biomarato.org\\\/catalunya\\\/events\\\/\"},{\"@type\":\"ListItem\",\"position\":3,\"name\":\"Esn\u00f2rquel a Sitges\"}]},{\"@type\":\"WebSite\",\"@id\":\"https:\\\/\\\/biomarato.org\\\/catalunya\\\/#website\",\"url\":\"https:\\\/\\\/biomarato.org\\\/catalunya\\\/\",\"name\":\"La BioMARat\u00f3 a Catalunya\",\"description\":\"Una iniciativa per descobrir la biodiversitat marina amb la ci\u00e8ncia ciutadana\",\"potentialAction\":[{\"@type\":\"SearchAction\",\"target\":{\"@type\":\"EntryPoint\",\"urlTemplate\":\"https:\\\/\\\/biomarato.org\\\/catalunya\\\/?s={search_term_string}\"},\"query-input\":{\"@type\":\"PropertyValueSpecification\",\"valueRequired\":true,\"valueName\":\"search_term_string\"}}],\"inLanguage\":\"ca\"}]}<\/script>\n<!-- \/ Yoast SEO plugin. -->","yoast_head_json":{"title":"Esn\u00f2rquel a Sitges - La BioMARat\u00f3 a Catalunya","robots":{"index":"index","follow":"follow","max-snippet":"max-snippet:-1","max-image-preview":"max-image-preview:large","max-video-preview":"max-video-preview:-1"},"canonical":"https:\/\/biomarato.org\/catalunya\/event\/esnorquel-a-sitges-2\/","og_locale":"ca_ES","og_type":"article","og_title":"Esn\u00f2rquel a Sitges - La BioMARat\u00f3 a Catalunya","og_description":"Activitat d\u2019esn\u00f2rquel per identificar i fotografiar la biodiversitat marina de les platges de Sitges. Programa: 9:00 h \u2013 Trobada al CEM, presentaci\u00f3 i repartiment de material. 9:15 h \u2013 11:15 [&hellip;]","og_url":"https:\/\/biomarato.org\/catalunya\/event\/esnorquel-a-sitges-2\/","og_site_name":"La BioMARat\u00f3 a Catalunya","article_modified_time":"2025-04-04T08:08:14+00:00","og_image":[{"width":552,"height":414,"url":"https:\/\/biomarato.org\/catalunya\/wp-content\/uploads\/sites\/3\/2025\/03\/foto-agenda-CEM-Anellides.png","type":"image\/png"}],"twitter_card":"summary_large_image","twitter_misc":{"Temps estimat de lectura":"1 minut"},"schema":{"@context":"https:\/\/schema.org","@graph":[{"@type":"WebPage","@id":"https:\/\/biomarato.org\/catalunya\/event\/esnorquel-a-sitges-2\/","url":"https:\/\/biomarato.org\/catalunya\/event\/esnorquel-a-sitges-2\/","name":"Esn\u00f2rquel a Sitges - La BioMARat\u00f3 a Catalunya","isPartOf":{"@id":"https:\/\/biomarato.org\/catalunya\/#website"},"primaryImageOfPage":{"@id":"https:\/\/biomarato.org\/catalunya\/event\/esnorquel-a-sitges-2\/#primaryimage"},"image":{"@id":"https:\/\/biomarato.org\/catalunya\/event\/esnorquel-a-sitges-2\/#primaryimage"},"thumbnailUrl":"https:\/\/biomarato.org\/catalunya\/wp-content\/uploads\/sites\/3\/2025\/03\/foto-agenda-CEM-Anellides.png","datePublished":"2025-03-27T15:55:30+00:00","dateModified":"2025-04-04T08:08:14+00:00","breadcrumb":{"@id":"https:\/\/biomarato.org\/catalunya\/event\/esnorquel-a-sitges-2\/#breadcrumb"},"inLanguage":"ca","potentialAction":[{"@type":"ReadAction","target":["https:\/\/biomarato.org\/catalunya\/event\/esnorquel-a-sitges-2\/"]}]},{"@type":"ImageObject","inLanguage":"ca","@id":"https:\/\/biomarato.org\/catalunya\/event\/esnorquel-a-sitges-2\/#primaryimage","url":"https:\/\/biomarato.org\/catalunya\/wp-content\/uploads\/sites\/3\/2025\/03\/foto-agenda-CEM-Anellides.png","contentUrl":"https:\/\/biomarato.org\/catalunya\/wp-content\/uploads\/sites\/3\/2025\/03\/foto-agenda-CEM-Anellides.png","width":552,"height":414},{"@type":"BreadcrumbList","@id":"https:\/\/biomarato.org\/catalunya\/event\/esnorquel-a-sitges-2\/#breadcrumb","itemListElement":[{"@type":"ListItem","position":1,"name":"Inici","item":"https:\/\/biomarato.org\/catalunya\/"},{"@type":"ListItem","position":2,"name":"Esdeveniments","item":"https:\/\/biomarato.org\/catalunya\/events\/"},{"@type":"ListItem","position":3,"name":"Esn\u00f2rquel a Sitges"}]},{"@type":"WebSite","@id":"https:\/\/biomarato.org\/catalunya\/#website","url":"https:\/\/biomarato.org\/catalunya\/","name":"La BioMARat\u00f3 a Catalunya","description":"Una iniciativa per descobrir la biodiversitat marina amb la ci\u00e8ncia ciutadana","potentialAction":[{"@type":"SearchAction","target":{"@type":"EntryPoint","urlTemplate":"https:\/\/biomarato.org\/catalunya\/?s={search_term_string}"},"query-input":{"@type":"PropertyValueSpecification","valueRequired":true,"valueName":"search_term_string"}}],"inLanguage":"ca"}]}},"_links":{"self":[{"href":"https:\/\/biomarato.org\/catalunya\/wp-json\/wp\/v2\/tribe_events\/783","targetHints":{"allow":["GET"]}}],"collection":[{"href":"https:\/\/biomarato.org\/catalunya\/wp-json\/wp\/v2\/tribe_events"}],"about":[{"href":"https:\/\/biomarato.org\/catalunya\/wp-json\/wp\/v2\/types\/tribe_events"}],"author":[{"embeddable":true,"href":"https:\/\/biomarato.org\/catalunya\/wp-json\/wp\/v2\/users\/3"}],"version-history":[{"count":1,"href":"https:\/\/biomarato.org\/catalunya\/wp-json\/wp\/v2\/tribe_events\/783\/revisions"}],"predecessor-version":[{"id":784,"href":"https:\/\/biomarato.org\/catalunya\/wp-json\/wp\/v2\/tribe_events\/783\/revisions\/784"}],"wp:featuredmedia":[{"embeddable":true,"href":"https:\/\/biomarato.org\/catalunya\/wp-json\/wp\/v2\/media\/772"}],"wp:attachment":[{"href":"https:\/\/biomarato.org\/catalunya\/wp-json\/wp\/v2\/media?parent=783"}],"wp:term":[{"taxonomy":"post_tag","embeddable":true,"href":"https:\/\/biomarato.org\/catalunya\/wp-json\/wp\/v2\/tags?post=783"},{"taxonomy":"tribe_events_cat","embeddable":true,"href":"https:\/\/biomarato.org\/catalunya\/wp-json\/wp\/v2\/tribe_events_cat?post=783"}],"curies":[{"name":"wp","href":"https:\/\/api.w.org\/{rel}","templated":true}]}}